{"id":234,"date":"2019-11-25T16:00:24","date_gmt":"2019-11-25T16:00:24","guid":{"rendered":"http:\/\/toyrylankartano.fi\/?page_id=234"},"modified":"2019-12-10T15:46:10","modified_gmt":"2019-12-10T15:46:10","slug":"historia","status":"publish","type":"page","link":"https:\/\/toyrylankartano.fi\/fi\/historia\/","title":{"rendered":"HISTORIA"},"content":{"rendered":"\n<div class=\"wp-block-image\"><figure class=\"aligncenter size-large is-resized\"><img decoding=\"async\" loading=\"lazy\" src=\"http:\/\/toyrylankartano.fi\/wp-content\/uploads\/2019\/12\/Kuva3.jpg\" alt=\"\" class=\"wp-image-325\" width=\"296\" height=\"392\" srcset=\"https:\/\/toyrylankartano.fi\/wp-content\/uploads\/2019\/12\/Kuva3.jpg 329w, https:\/\/toyrylankartano.fi\/wp-content\/uploads\/2019\/12\/Kuva3-226x300.jpg 226w\" sizes=\"(max-width: 296px) 100vw, 296px\" \/><figcaption>    Sibelius-suvun muistomerkki                 <\/figcaption><\/figure><\/div>\n\n\n\n<p><\/p>\n\n\n<div id=\"id4\" class=\"style_SkipStroke_4 shape-with-text\">\n<div class=\"text-content graphic_textbox_layout_style_default_External_844_1722\">\n<div class=\"graphic_textbox_layout_style_default\">\n<p class=\"paragraph_style_2\"><span style=\"color: #000000;\"><strong><span class=\"style_1\">Etsimme pitk\u00e4\u00e4n sopivaa kartanoa noin tunnin ajomatkan p\u00e4\u00e4st\u00e4 p\u00e4\u00e4kaupunkiseudulta.<\/span><\/strong> Kun useiden kohteiden j\u00e4lkeen ajoimme T\u00f6yryl\u00e4n pihaan 2007, tuntui kuin olisi tullut kotiin. Ihastuimme p\u00e4\u00e4rakennuksen alkuper\u00e4iseen kuntoon ja sivurakennusten muodostamaan idylliseen pihapiiriin Artj\u00e4rven Pyh\u00e4j\u00e4rven it\u00e4p\u00e4\u00e4ss\u00e4. Tuli heti se tunne, ett\u00e4 t\u00e4m\u00e4 on se oikea. T\u00f6yryl\u00e4 oli ollut aiempien omistajien kotina kauan ja he olivat valmiita luopumaan siit\u00e4 korkean i\u00e4n vuoksi.<\/span><\/p>\n<p class=\"paragraph_style_2\"><span style=\"color: #000000;\">T\u00f6yryl\u00e4n v\u00e4rikk\u00e4\u00e4seen historiaan mahtuu niin paikkakunnan rikkaimmat miehet 1500-luvulla, Jean Sibeliuksen suvun kantais\u00e4n syntym\u00e4 1700-luvulla, kansainv\u00e4linen kauppa ja meijeritoiminta kuin konkurssi 1900-luvun alussa.<\/span><\/p>\n<p class=\"paragraph_style_2\"><span style=\"color: #000000;\">Vuosisatojen ajan T\u00f6yryl\u00e4 on ollut aina yksityisomistuksessa; se on tarjonnut sukupolvelta toiselle elinkeinon ja sen nykyinen p\u00e4\u00e4rakennus viime vuosisadan alusta on antanut ylelliset puitteet niin kodille kuin seurael\u00e4m\u00e4lle.<\/span><\/p>\n<p class=\"paragraph_style_2\"><span style=\"color: #000000;\">______________________________________________________<\/span><\/p>\n<h3 class=\"paragraph_style_3\"><span style=\"color: #000000;\"><strong>Paikkakunnan rikkain is\u00e4nt\u00e4<\/strong><\/span><\/h3>\n<p class=\"paragraph_style_2\"><span style=\"color: #000000;\">1500- luvulla Bj\u00f6rn J\u00f6nsinpoika eli t\u00e4\u00e4ll\u00e4 talollisena 1546\u20131573. H\u00e4nen poikansa Simo mainitaan Artj\u00e4rven rikkaimpana is\u00e4nt\u00e4n\u00e4 hopeaveroluettelossa 1571. Omaisuutensa oli 94\u00bd markkaa, joka koostui rahaomaisuudesta eli kuparista (2 naulaa kuparia), karjasta (seitsem\u00e4n yli nelivuotista lehm\u00e4\u00e4, kaksi kaksivuotista lehm\u00e4\u00e4, kolme vasikkaa, hevonen, lampaita, pukkeja ja sikoja). Hevoset olivat tuolloin huomattavan arvokkaita (10 markkaa), joka oli noin 10 % koko omaisuuden arvosta.<\/span><\/p>\n<p class=\"paragraph_style_2\"><span style=\"color: #000000;\">______________________________________________________<\/span><\/p>\n<h3 class=\"paragraph_style_3\"><span style=\"color: #000000;\"><strong>Suomen historian siipien havinaa<\/strong><\/span><\/h3>\n<p class=\"paragraph_style_3\"><span style=\"color: #000000;\"><strong>Sibelius-suvun alkukoti<\/strong><\/span><\/p>\n<p class=\"paragraph_style_2\"><span style=\"color: #000000;\">Jean Sibeliuksen isois\u00e4n isois\u00e4 Matti Martinpoika (Matts) syntyi 1771 talon nuorimmaksi pojaksi. T\u00f6yryl\u00e4n puistossa kuusiaidan varjossa kohoaa Sibelius-suvun obeliski, johon on kaiverrettu teksti: \u2019T\u00e4ss\u00e4 maan kamarassa ovat suomalaisen s\u00e4velt\u00e4j\u00e4mestarin sukupuun juuret\u2019. Muistomerkin paljastustilaisuus pidettiin 12.6.1921 Matti Martinpojan 200-vuotissyntym\u00e4p\u00e4iv\u00e4n\u00e4 tuhatlukuisen yleis\u00f6n l\u00e4sn\u00e4ollessa.<\/span><\/p>\n<div><\/div>\n<\/div>\n<div class=\"graphic_textbox_layout_style_default\">\n<h3 class=\"paragraph_style_3\"><span style=\"color: #000000;\"><strong>Kansainv\u00e4list\u00e4 kauppaa ja meijeritoimintaa<\/strong><\/span><\/h3>\n<p class=\"paragraph_style_2\"><span style=\"color: #000000;\">1900 luvulle siirrytt\u00e4ess\u00e4 kansainv\u00e4linen kauppa kukoistaa, puuta, faneria, lihakarjaa myyd\u00e4\u00e4n ja meijeritoiminta k\u00e4ynnistyy. 1879 valmistuu T\u00f6yryl\u00e4n uusi p\u00e4\u00e4rakennus, uusrenessanssia edustava kartanorakennus. Yksi seudun ensimm\u00e4isist\u00e4 autoista, Studebaker, vei T\u00f6yryl\u00e4\u00e4 1900-luvulle.<\/span><\/p>\n<p class=\"paragraph_style_2\"><span style=\"color: #000000;\">Uusi meijerirakennus rakennetaan 1918, T\u00f6yryl\u00e4n kansainv\u00e4linen kauppa laajenee ja meijeritoiminta aloittaa juustojen valmistuksen 1919.<\/span><\/p>\n<p class=\"paragraph_style_2\"><span style=\"color: #000000;\">Konkurssi ja vararikko 1928 kohtasivat T\u00f6yryl\u00e4n. T\u00f6yryl\u00e4ss\u00e4 tehtiin kansainv\u00e4list\u00e4 kauppaa ja juustojen t\u00e4rkein vientimaa oli Saksa. Silloinen T\u00f6yryl\u00e4n is\u00e4nt\u00e4 Laine aikoi vaurastua ja vied\u00e4 juustoja kev\u00e4\u00e4ll\u00e4 j\u00e4iden sulettua suoraan Saksaan ilman v\u00e4lik\u00e4si\u00e4. Pahaksi onneksi Saksan p\u00e4\u00e4ss\u00e4 oleva sovittu agentti ei ollut vastaanottamassa T\u00f6yryl\u00e4ss\u00e4 koko kev\u00e4\u00e4n aikana tehtyj\u00e4 juustoja ja koko lasti p\u00e4\u00e4tyi sataman varastoon kes\u00e4ksi tuhoisin seurauksin. T\u00f6yryl\u00e4n osti konkurssista Kalle Vuorenalho, joka jatkoi toimintaa 1970-luvulla saakka, jolloin\u00a0meijerirakennus myytiin Wennstr\u00f6min veljeksille. He aloittivat toiminnan vesiv\u00e4ritehtailijoina. Paikalla toimii edelleen Pohjoismaiden ainoa vesiv\u00e4ritehdas.<\/span><\/p>\n<figure id=\"attachment_338\" aria-describedby=\"caption-attachment-338\" style=\"width: 189px\" class=\"wp-caption alignleft\"><img decoding=\"async\" loading=\"lazy\" class=\"size-full wp-image-338\" src=\"http:\/\/toyrylankartano.fi\/wp-content\/uploads\/2019\/12\/kuva6-a.jpg\" alt=\"\" width=\"189\" height=\"300\" \/><figcaption id=\"caption-attachment-338\" class=\"wp-caption-text\"><br \/>T\u00f6yryl\u00e4n is\u00e4nt\u00e4 Kalle ja Hilma Vuorenalho,<br \/>(v.1931 Suomen kartanot ja suurtilat)<\/figcaption><\/figure>\n<p>\u00a0 <img decoding=\"async\" loading=\"lazy\" class=\"alignnone size-full wp-image-339\" src=\"http:\/\/toyrylankartano.fi\/wp-content\/uploads\/2019\/12\/kuva6-b.jpg\" alt=\"\" width=\"178\" height=\"300\" \/><\/p>\n<\/div>\n<\/div>\n<\/div>\n<div class=\"tinyText style_SkipStroke_1 stroke_0\">\u00a0<\/div>","protected":false},"excerpt":{"rendered":"<p>Etsimme pitk\u00e4\u00e4n sopivaa kartanoa noin tunnin ajomatkan p\u00e4\u00e4st\u00e4 p\u00e4\u00e4kaupunkiseudulta. Kun useiden kohteiden j\u00e4lkeen ajoimme T\u00f6yryl\u00e4n pihaan 2007, tuntui kuin olisi tullut kotiin. Ihastuimme p\u00e4\u00e4rakennuksen alkuper\u00e4iseen kuntoon ja sivurakennusten muodostamaan idylliseen pihapiiriin Artj\u00e4rven Pyh\u00e4j\u00e4rven it\u00e4p\u00e4\u00e4ss\u00e4. Tuli heti se tunne, ett\u00e4 t\u00e4m\u00e4 on se oikea. T\u00f6yryl\u00e4 oli ollut aiempien omistajien kotina kauan ja he olivat valmiita luopumaan [&hellip;]<\/p>\n","protected":false},"author":1,"featured_media":0,"parent":0,"menu_order":0,"comment_status":"closed","ping_status":"closed","template":"","meta":[],"_links":{"self":[{"href":"https:\/\/toyrylankartano.fi\/fi\/wp-json\/wp\/v2\/pages\/234"}],"collection":[{"href":"https:\/\/toyrylankartano.fi\/fi\/wp-json\/wp\/v2\/pages"}],"about":[{"href":"https:\/\/toyrylankartano.fi\/fi\/wp-json\/wp\/v2\/types\/page"}],"author":[{"embeddable":true,"href":"https:\/\/toyrylankartano.fi\/fi\/wp-json\/wp\/v2\/users\/1"}],"replies":[{"embeddable":true,"href":"https:\/\/toyrylankartano.fi\/fi\/wp-json\/wp\/v2\/comments?post=234"}],"version-history":[{"count":43,"href":"https:\/\/toyrylankartano.fi\/fi\/wp-json\/wp\/v2\/pages\/234\/revisions"}],"predecessor-version":[{"id":425,"href":"https:\/\/toyrylankartano.fi\/fi\/wp-json\/wp\/v2\/pages\/234\/revisions\/425"}],"wp:attachment":[{"href":"https:\/\/toyrylankartano.fi\/fi\/wp-json\/wp\/v2\/media?parent=234"}],"curies":[{"name":"wp","href":"https:\/\/api.w.org\/{rel}","templated":true}]}}